{"id":22,"date":"2017-10-20T14:51:25","date_gmt":"2017-10-20T14:51:25","guid":{"rendered":"http:\/\/translangedu.hu\/?page_id=22"},"modified":"2023-02-28T14:24:52","modified_gmt":"2023-02-28T14:24:52","slug":"munkatarsak","status":"publish","type":"page","link":"http:\/\/translangedu.hu\/en\/munkatarsak\/","title":{"rendered":"Munkat\u00e1rsak"},"content":{"rendered":"<p><strong><img loading=\"lazy\" class=\"alignleft size-thumbnail wp-image-60\" src=\"http:\/\/translangedu.hu\/wp-content\/uploads\/2017\/10\/IMG_20140609_191114-1-150x150.jpg\" alt=\"\" width=\"150\" height=\"150\" srcset=\"http:\/\/translangedu.hu\/wp-content\/uploads\/2017\/10\/IMG_20140609_191114-1-150x150.jpg 150w, http:\/\/translangedu.hu\/wp-content\/uploads\/2017\/10\/IMG_20140609_191114-1-100x100.jpg 100w\" sizes=\"(max-width: 150px) 100vw, 150px\" \/>Heltai J\u00e1nos Imre<\/strong><\/p>\n<p>senior lecturer, KRE BTK. Planning of the project \u201cMulti-sited Ethnolinguistic Research in Tiszavasv\u00e1ri\u201d, fieldwork, publications, coordination of the project. Joint planning and leadership of the Project \u201cPedagogy of Translanguaging Communication in Tiszavasv\u00e1ri\u201d (with Erika Kerekesn\u00e9 L\u00e9vai, principal of the school)<\/p>\n<p><strong><img loading=\"lazy\" class=\"alignleft size-thumbnail wp-image-345\" src=\"http:\/\/translangedu.hu\/wp-content\/uploads\/2017\/10\/20171113_172358-e1511163921328-150x150.jpg\" alt=\"\" width=\"150\" height=\"150\" srcset=\"http:\/\/translangedu.hu\/wp-content\/uploads\/2017\/10\/20171113_172358-e1511163921328-150x150.jpg 150w, http:\/\/translangedu.hu\/wp-content\/uploads\/2017\/10\/20171113_172358-e1511163921328-100x100.jpg 100w\" sizes=\"(max-width: 150px) 100vw, 150px\" \/>Kerekesn\u00e9 L\u00e9vai Erika<\/strong><\/p>\n<p>Head of Primary School, Magiszter Primary School, Tiszavasv\u00e1ri. Joint planning and leadership of the project \u201ePedagogy of Translanguaging Communication in Tiszavasv\u00e1ri\u201d (with Heltai J\u00e1nos Imre). Giving translanguaging lessons, leading translanguaging workshops, implementing the Master Pedagogue Program of the Unitary Language Repertoire<\/p>\n<p><strong><img loading=\"lazy\" class=\"alignleft size-thumbnail wp-image-125\" src=\"http:\/\/translangedu.hu\/wp-content\/uploads\/2017\/10\/20171022_181227-4-150x150.jpg\" alt=\"\" width=\"150\" height=\"150\" srcset=\"http:\/\/translangedu.hu\/wp-content\/uploads\/2017\/10\/20171022_181227-4-150x150.jpg 150w, http:\/\/translangedu.hu\/wp-content\/uploads\/2017\/10\/20171022_181227-4-100x100.jpg 100w\" sizes=\"(max-width: 150px) 100vw, 150px\" \/>Jani-Demetriou Bernadett<\/strong><\/p>\n<p>Phd student, E\u00f6tv\u00f6s Lor\u00e1nd University Budapest, Doctoral School of Linguistics. Member of the Research Group for the project \u201cMulti-sited Ethnolinguistic Research in Tiszavasv\u00e1ri\u201d, fieldwork, publication, assisting in the Project &#8220;Pedagogy of Translanguaging Communication in Tiszavasv\u00e1ri\u201d, planning of the project \u201cThe linguistic factors of academic achievement and heteroglossia\u201d<\/p>\n<p><strong><img loading=\"lazy\" class=\"alignleft size-thumbnail wp-image-593\" src=\"http:\/\/translangedu.hu\/wp-content\/uploads\/2017\/12\/Gabi-n\u00e9ni-150x150.jpg\" alt=\"\" width=\"150\" height=\"150\" srcset=\"http:\/\/translangedu.hu\/wp-content\/uploads\/2017\/12\/Gabi-n\u00e9ni-150x150.jpg 150w, http:\/\/translangedu.hu\/wp-content\/uploads\/2017\/12\/Gabi-n\u00e9ni-300x297.jpg 300w, http:\/\/translangedu.hu\/wp-content\/uploads\/2017\/12\/Gabi-n\u00e9ni-100x100.jpg 100w, http:\/\/translangedu.hu\/wp-content\/uploads\/2017\/12\/Gabi-n\u00e9ni.jpg 1000w\" sizes=\"(max-width: 150px) 100vw, 150px\" \/>Kulcs\u00e1r S\u00e1ndorn\u00e9<\/strong><\/p>\n<p>Kindergarten Principal, Magiszter Kindergarten, Tiszavasv\u00e1ri. Participation in the project &#8220;Pedagogy of Translanguaging Communication in Tiszavasv\u00e1ri&#8221;, planning and giving kindergarten lessons, writing feedback reports, building the elements of the programme into the kindergarten curriculum , taking part in publications.<\/p>\n<p><strong><img loading=\"lazy\" class=\"alignleft size-thumbnail wp-image-347\" src=\"http:\/\/translangedu.hu\/wp-content\/uploads\/2017\/10\/20171113_094917-e1511164102206-150x150.jpg\" alt=\"\" width=\"150\" height=\"150\" srcset=\"http:\/\/translangedu.hu\/wp-content\/uploads\/2017\/10\/20171113_094917-e1511164102206-150x150.jpg 150w, http:\/\/translangedu.hu\/wp-content\/uploads\/2017\/10\/20171113_094917-e1511164102206-100x100.jpg 100w\" sizes=\"(max-width: 150px) 100vw, 150px\" \/>Szal\u00e1nczin\u00e9 Komj\u00e1ti M\u00f3nika<\/strong><\/p>\n<p>In the academic year 2017\/2018, teacher of class 1.a using translingual teaching methods, member of the&nbsp;Project \u201cPedagogy of Translanguaging Communication in Tiszavasv\u00e1ri\u201d, participation in creating and testing translanguaging teaching methods.<\/p>\n<p><strong><img loading=\"lazy\" class=\"alignleft size-thumbnail wp-image-179\" src=\"http:\/\/translangedu.hu\/wp-content\/uploads\/2017\/10\/IMG_20170528_100048-150x150.jpg\" alt=\"\" width=\"150\" height=\"150\" srcset=\"http:\/\/translangedu.hu\/wp-content\/uploads\/2017\/10\/IMG_20170528_100048-150x150.jpg 150w, http:\/\/translangedu.hu\/wp-content\/uploads\/2017\/10\/IMG_20170528_100048-100x100.jpg 100w\" sizes=\"(max-width: 150px) 100vw, 150px\" \/>Alkonyi Vilmos M\u00f3r<\/strong><\/p>\n<p>Student of Karoli Gaspar University of the Reformed Church, Hungarian Philology BA. Member of the Research Group for the project \u201cMulti-sited Ethnolinguistic Research in Tiszavasv\u00e1ri\u201d, fieldwork, conducting and transcription of interviews, assisting in the Project \u201cPedagogy of Translanguaging Communication in Tiszavasv\u00e1ri\u201d<\/p>\n<p><strong><img loading=\"lazy\" class=\"alignleft size-thumbnail wp-image-173\" src=\"http:\/\/translangedu.hu\/wp-content\/uploads\/2017\/10\/Kriszta-1-150x150.jpg\" alt=\"\" width=\"150\" height=\"150\" srcset=\"http:\/\/translangedu.hu\/wp-content\/uploads\/2017\/10\/Kriszta-1-150x150.jpg 150w, http:\/\/translangedu.hu\/wp-content\/uploads\/2017\/10\/Kriszta-1-100x100.jpg 100w\" sizes=\"(max-width: 150px) 100vw, 150px\" \/>Czumpft Krisztina<\/strong><\/p>\n<p>Hungarian Philology BA, Karoli Gaspar University of the Reformed Church. Member of the Research Group for the project \u201cMulti-sited Ethnolinguistic Research in Tiszavasv\u00e1ri\u201d, fieldwork, conducting and transcription of interviews, assisting in the Project \u201cPedagogy of Translanguaging Communication in Tiszavasv\u00e1ri\u201d, teaching activities at the complementary summer school<\/p>\n<p><strong><img loading=\"lazy\" class=\"alignleft size-thumbnail wp-image-139\" src=\"http:\/\/translangedu.hu\/wp-content\/uploads\/2017\/10\/Rost\u00e1s-Jani2-150x150.jpg\" alt=\"\" width=\"150\" height=\"150\" srcset=\"http:\/\/translangedu.hu\/wp-content\/uploads\/2017\/10\/Rost\u00e1s-Jani2-150x150.jpg 150w, http:\/\/translangedu.hu\/wp-content\/uploads\/2017\/10\/Rost\u00e1s-Jani2-100x100.jpg 100w\" sizes=\"(max-width: 150px) 100vw, 150px\" \/>Rost\u00e1s J\u00e1nos<\/strong><\/p>\n<p>Educator at Magiszter Primary School in Tiszavasv\u00e1ri, participation in creating teaching materials, romani linguistic support, application of translingual teaching methods in the school<\/p>\n<p><strong><img loading=\"lazy\" class=\"alignleft size-thumbnail wp-image-343\" src=\"http:\/\/translangedu.hu\/wp-content\/uploads\/2017\/10\/20171113_143601-e1511163678107-150x150.jpg\" alt=\"\" width=\"150\" height=\"150\" srcset=\"http:\/\/translangedu.hu\/wp-content\/uploads\/2017\/10\/20171113_143601-e1511163678107-150x150.jpg 150w, http:\/\/translangedu.hu\/wp-content\/uploads\/2017\/10\/20171113_143601-e1511163678107-100x100.jpg 100w\" sizes=\"(max-width: 150px) 100vw, 150px\" \/>Lakatos S\u00e1ra<\/strong><\/p>\n<p>Staff member of Magiszter Primary School in Tiszavasv\u00e1ri, participation in creating teaching materials, romani linguistic support, participation in the translingual testing of the first graders.<\/p>\n<p><img loading=\"lazy\" class=\"alignleft size-thumbnail wp-image-141\" src=\"http:\/\/translangedu.hu\/wp-content\/uploads\/2017\/10\/B\u00c1NK_pr\u00f3ba_20160325_090-150x150.jpg\" alt=\"\" width=\"150\" height=\"150\" srcset=\"http:\/\/translangedu.hu\/wp-content\/uploads\/2017\/10\/B\u00c1NK_pr\u00f3ba_20160325_090-150x150.jpg 150w, http:\/\/translangedu.hu\/wp-content\/uploads\/2017\/10\/B\u00c1NK_pr\u00f3ba_20160325_090-100x100.jpg 100w\" sizes=\"(max-width: 150px) 100vw, 150px\" \/><strong>Cselle Gabriella<\/strong><\/p>\n<p>Student of Karoli Gaspar University of the Reformed Church, Hungarian Philology BA. Member of the Research Group for the project \u201cMulti-sited Ethnolinguistic Research in Tiszavasv\u00e1ri\u201d, fieldwork, conducting and transcription of interviews, assisting in the Project \u201cPedagogy of Translanguaging Communication in Tiszavasv\u00e1ri\u201d, teaching activities at the complementary summer school<\/p>\n<p><strong><img loading=\"lazy\" class=\"alignleft size-thumbnail wp-image-176\" src=\"http:\/\/translangedu.hu\/wp-content\/uploads\/2017\/10\/Demetern\u00e9-150x150.jpg\" alt=\"\" width=\"150\" height=\"150\" srcset=\"http:\/\/translangedu.hu\/wp-content\/uploads\/2017\/10\/Demetern\u00e9-150x150.jpg 150w, http:\/\/translangedu.hu\/wp-content\/uploads\/2017\/10\/Demetern\u00e9-100x100.jpg 100w\" sizes=\"(max-width: 150px) 100vw, 150px\" \/>Demetern\u00e9 Berencsi T\u00fcnde<\/strong><\/p>\n<p>History, French and Ethics teacher at Magiszter Primary School, member of the&nbsp;Project \u201cPedagogy of Translanguaging Communication in Tiszavasv\u00e1ri\u201d, participation in creating and testing translanguaging teaching methods<\/p>\n<p><strong><img loading=\"lazy\" class=\"alignleft size-thumbnail wp-image-202\" src=\"http:\/\/translangedu.hu\/wp-content\/uploads\/2017\/10\/Flumbort-\u00c1bel-150x150.png\" alt=\"\" width=\"150\" height=\"150\" srcset=\"http:\/\/translangedu.hu\/wp-content\/uploads\/2017\/10\/Flumbort-\u00c1bel-150x150.png 150w, http:\/\/translangedu.hu\/wp-content\/uploads\/2017\/10\/Flumbort-\u00c1bel-100x100.png 100w\" sizes=\"(max-width: 150px) 100vw, 150px\" \/>Flumbort \u00c1bel<\/strong><\/p>\n<p>Student of Karoli Gaspar University of the Reformed Church, MA in Teaching Hungarian Language and culture and History Teacher, member of the Research Group for the project \u201cMulti-sited Ethnolinguistic Research in Tiszavasv\u00e1ri\u201d, fieldwork, conducting and transcription of interviews, assisting in the Project \u201cPedagogy of Translanguaging Communication in Tiszavasv\u00e1ri\u201d<\/p>\n<p><img loading=\"lazy\" class=\"alignleft size-thumbnail wp-image-291\" src=\"http:\/\/translangedu.hu\/wp-content\/uploads\/2017\/10\/P4280991-150x150.jpg\" alt=\"\" width=\"150\" height=\"150\" srcset=\"http:\/\/translangedu.hu\/wp-content\/uploads\/2017\/10\/P4280991-150x150.jpg 150w, http:\/\/translangedu.hu\/wp-content\/uploads\/2017\/10\/P4280991-100x100.jpg 100w\" sizes=\"(max-width: 150px) 100vw, 150px\" \/><strong>Sz\u0171cs Bor\u00f3ka<\/strong><\/p>\n<p>Student of E\u00f6tv\u00f6s Lor\u00e1nd University,&nbsp;<span class=\"_5yl5\">MA in Teaching Hungarian Language and Culture and Italian Language and Culture<\/span>, member of the Research Group for the project \u201cMulti-sited Ethnolinguistic Research in Tiszavasv\u00e1ri\u201d, fieldwork, conducting and transcription of interviews, assisting in the Project \u201cPedagogy of Translanguaging Communication in Tiszavasv\u00e1ri\u201d<\/p>\n<p><b><img loading=\"lazy\" class=\"alignleft size-thumbnail wp-image-294\" src=\"http:\/\/translangedu.hu\/wp-content\/uploads\/2017\/10\/jz1-150x150.jpg\" alt=\"\" width=\"150\" height=\"150\" srcset=\"http:\/\/translangedu.hu\/wp-content\/uploads\/2017\/10\/jz1-150x150.jpg 150w, http:\/\/translangedu.hu\/wp-content\/uploads\/2017\/10\/jz1-100x100.jpg 100w\" sizes=\"(max-width: 150px) 100vw, 150px\" \/>Jani Zolt\u00e1n<\/b><\/p>\n<p>Psychology MA, Szeged University, computer scientist. Participation in the&nbsp;Project \u201cPedagogy of Translanguaging Communication in Tiszavasv\u00e1ri\u201d : conducting and analyzing psychological tests, web design.<\/p>\n<p><strong><img loading=\"lazy\" class=\"alignleft size-thumbnail wp-image-515\" src=\"http:\/\/translangedu.hu\/wp-content\/uploads\/2017\/11\/Magyar-Hajni-150x150.jpg\" alt=\"\" width=\"150\" height=\"150\" srcset=\"http:\/\/translangedu.hu\/wp-content\/uploads\/2017\/11\/Magyar-Hajni-150x150.jpg 150w, http:\/\/translangedu.hu\/wp-content\/uploads\/2017\/11\/Magyar-Hajni-100x100.jpg 100w\" sizes=\"(max-width: 150px) 100vw, 150px\" \/>Magyar Hajnalka<\/strong><\/p>\n<p>Primary teacher (with Hungarian language and literature specialization) at Magiszter Primary School, member of the&nbsp;Project \u201cPedagogy of Translanguaging Communication in Tiszavasv\u00e1ri\u201d, participation in creating and testing translanguaging teaching methods<\/p>\n<p><b><img loading=\"lazy\" class=\"alignleft size-thumbnail wp-image-533\" src=\"http:\/\/translangedu.hu\/wp-content\/uploads\/2017\/10\/T\u00fcndik-Zita-k\u00e9p-150x150.jpg\" alt=\"\" width=\"150\" height=\"150\" srcset=\"http:\/\/translangedu.hu\/wp-content\/uploads\/2017\/10\/T\u00fcndik-Zita-k\u00e9p-150x150.jpg 150w, http:\/\/translangedu.hu\/wp-content\/uploads\/2017\/10\/T\u00fcndik-Zita-k\u00e9p-100x100.jpg 100w\" sizes=\"(max-width: 150px) 100vw, 150px\" \/>T\u00fcndik Zita<\/b><\/p>\n<p>Primary teacher at Magiszter Primary School, member of the&nbsp;Project \u201cPedagogy of Translanguaging Communication in Tiszavasv\u00e1ri\u201d, participation in creating and testing translanguaging teaching methods<\/p>\n<p><span class=\"_5yl5\"><strong><img loading=\"lazy\" class=\"alignleft size-thumbnail wp-image-583\" src=\"http:\/\/translangedu.hu\/wp-content\/uploads\/2017\/10\/NIKI-150x150.jpg\" alt=\"\" width=\"150\" height=\"150\" srcset=\"http:\/\/translangedu.hu\/wp-content\/uploads\/2017\/10\/NIKI-150x150.jpg 150w, http:\/\/translangedu.hu\/wp-content\/uploads\/2017\/10\/NIKI-100x100.jpg 100w\" sizes=\"(max-width: 150px) 100vw, 150px\" \/>Nikolett Katalin T\u00f3th<\/strong><\/span><\/p>\n<p><span class=\"_5yl5\">K\u00e1roli G\u00e1sp\u00e1r University of the Reformed Church in Hungary, Teacher Training Program.&nbsp; Assisting in the project \u201cPedagogy of Translanguaging Communication in Tiszavasv\u00e1ri (lesson observations). Teaching activities at the complementary summer school.<\/span><\/p>\n<p><strong><img loading=\"lazy\" class=\"alignleft size-thumbnail wp-image-677\" src=\"http:\/\/translangedu.hu\/wp-content\/uploads\/2017\/10\/Olexa_Gergely-127x150.png\" alt=\"\" width=\"127\" height=\"150\">Olexa Gergely<\/strong><\/p>\n<p>Student of Karoli Gaspar University of the Reformed Church, MA in Teaching Hungarian Language and culture and History Teacher, member of the Research Group for the project \u201cMulti-sited Ethnolinguistic Research in Tiszavasv\u00e1ri\u201d, fieldwork, publication, conducting and transcription of interviews.<\/p>\n<p><img loading=\"lazy\" class=\"alignleft size-thumbnail wp-image-869\" src=\"http:\/\/translangedu.hu\/wp-content\/uploads\/2017\/10\/Buda_K\u00e1ntor_Gr\u00e9ta-150x150.png\" alt=\"\" width=\"150\" height=\"150\" srcset=\"http:\/\/translangedu.hu\/wp-content\/uploads\/2017\/10\/Buda_K\u00e1ntor_Gr\u00e9ta-150x150.png 150w, http:\/\/translangedu.hu\/wp-content\/uploads\/2017\/10\/Buda_K\u00e1ntor_Gr\u00e9ta-100x100.png 100w\" sizes=\"(max-width: 150px) 100vw, 150px\" \/><strong>Buda-K\u00e1ntor Gr\u00e9ta<\/strong><\/p>\n<p>Pedagogical assistent at Magiszter Primary School, member of the&nbsp;Project \u201cPedagogy of Translanguaging Communication in Tiszavasv\u00e1ri\u201d, participation in creating and testing translanguaging teaching methods.<\/p>\n<p><strong><img loading=\"lazy\" class=\"alignleft size-thumbnail wp-image-891\" src=\"http:\/\/translangedu.hu\/wp-content\/uploads\/2017\/10\/Wessel\u00e9nyi-Tam\u00e1s-150x150.jpg\" alt=\"\" width=\"150\" height=\"150\" srcset=\"http:\/\/translangedu.hu\/wp-content\/uploads\/2017\/10\/Wessel\u00e9nyi-Tam\u00e1s-150x150.jpg 150w, http:\/\/translangedu.hu\/wp-content\/uploads\/2017\/10\/Wessel\u00e9nyi-Tam\u00e1s-100x100.jpg 100w\" sizes=\"(max-width: 150px) 100vw, 150px\" \/>Wessel\u00e9nyi Tam\u00e1s<\/strong><\/p>\n<p>Student of K\u00e1roli G\u00e1sp\u00e1r University of the Reformed Church, English and Hungarian teacher MA. Participation in ethnographic fieldwork and in the translanguaging education project by taking part in school and camp activities. Participation in curriculum&nbsp; and learning material development.<\/p>\n<p><strong><img loading=\"lazy\" class=\"alignleft size-thumbnail wp-image-894\" src=\"http:\/\/translangedu.hu\/wp-content\/uploads\/2017\/10\/Eva-Hoyt-Nikolic-150x150.jpg\" alt=\"\" width=\"150\" height=\"150\" srcset=\"http:\/\/translangedu.hu\/wp-content\/uploads\/2017\/10\/Eva-Hoyt-Nikolic-150x150.jpg 150w, http:\/\/translangedu.hu\/wp-content\/uploads\/2017\/10\/Eva-Hoyt-Nikolic-100x100.jpg 100w\" sizes=\"(max-width: 150px) 100vw, 150px\" \/>Eva Hoyt-Nikoli<span class=\"_5yl5\">\u0107<\/span><\/strong><\/p>\n<div dir=\"auto\">Student of K\u00e1roli G\u00e1sp\u00e1r University of the Reformed Church, Hungarian BA. Participation in ethnographic fieldwork and in the translanguaging education project by taking part in school and camp activities. Participation in curriculum&nbsp; and learning material development.<\/div>\n<div dir=\"auto\"><\/div>\n","protected":false},"excerpt":{"rendered":"<p>Heltai J\u00e1nos Imre senior lecturer, KRE BTK. Planning of the project \u201cMulti-sited Ethnolinguistic Research in Tiszavasv\u00e1ri\u201d, fieldwork, publications, coordination of the project. Joint planning and leadership of the Project \u201cPedagogy of Translanguaging Communication in Tiszavasv\u00e1ri\u201d (with Erika Kerekesn\u00e9 L\u00e9vai, principal of the school) Kerekesn\u00e9 L\u00e9vai Erika Head of Primary School, Magiszter Primary School, Tiszavasv\u00e1ri. Joint &hellip; <\/p>\n<p class=\"link-more\"><a href=\"http:\/\/translangedu.hu\/en\/munkatarsak\/\" class=\"more-link\">Continue reading<span class=\"screen-reader-text\"> &#8220;Munkat\u00e1rsak&#8221;<\/span><\/a><\/p>\n","protected":false},"author":1,"featured_media":0,"parent":0,"menu_order":0,"comment_status":"closed","ping_status":"closed","template":"","meta":[],"translation":{"provider":"WPGlobus","version":"2.6.5","language":"en","enabled_languages":["hu","en"],"languages":{"hu":{"title":true,"content":true,"excerpt":false},"en":{"title":false,"content":true,"excerpt":false}}},"_links":{"self":[{"href":"http:\/\/translangedu.hu\/en\/wp-json\/wp\/v2\/pages\/22"}],"collection":[{"href":"http:\/\/translangedu.hu\/en\/wp-json\/wp\/v2\/pages"}],"about":[{"href":"http:\/\/translangedu.hu\/en\/wp-json\/wp\/v2\/types\/page"}],"author":[{"embeddable":true,"href":"http:\/\/translangedu.hu\/en\/wp-json\/wp\/v2\/users\/1"}],"replies":[{"embeddable":true,"href":"http:\/\/translangedu.hu\/en\/wp-json\/wp\/v2\/comments?post=22"}],"version-history":[{"count":108,"href":"http:\/\/translangedu.hu\/en\/wp-json\/wp\/v2\/pages\/22\/revisions"}],"predecessor-version":[{"id":1207,"href":"http:\/\/translangedu.hu\/en\/wp-json\/wp\/v2\/pages\/22\/revisions\/1207"}],"wp:attachment":[{"href":"http:\/\/translangedu.hu\/en\/wp-json\/wp\/v2\/media?parent=22"}],"curies":[{"name":"wp","href":"https:\/\/api.w.org\/{rel}","templated":true}]}}